{"id":1668,"date":"2020-10-28T14:48:34","date_gmt":"2020-10-28T18:48:34","guid":{"rendered":"http:\/\/15.157.196.9\/?post_type=expositions&#038;p=1668"},"modified":"2021-05-06T10:19:09","modified_gmt":"2021-05-06T14:19:09","slug":"paulette-marie-sauve-1972-2020-textile-arts-retrospective","status":"publish","type":"expositions","link":"https:\/\/www.mumaq.com\/en\/expositions\/paulette-marie-sauve-1972-2020-textile-arts-retrospective\/","title":{"rendered":"Vibrations sur fibres 21: R\u00e9trospective Paulette-Marie Sauv\u00e9"},"content":{"rendered":"<p><a href=\"https:\/\/www.mumaq.com\/en\/exposition-virtuelle\/vibrations-sur-fibres-21-une-retrospective-paulette-marie-sauve\/\">VISIT THE VIRTUAL TOUR<\/a><\/p>\n<p>Retrospective on the career of the multidisciplinary artist working mainly in painting and tapestry. Recipient of several prestigious awards, her work in weaving, colouring, and dyeing is represented in several collections across the country.<\/p>\n<p>Curator: Fran\u00e7oise Cloutier<\/p>\n","protected":false},"featured_media":1817,"template":"","type_exposition":[45],"class_list":["post-1668","expositions","type-expositions","status-publish","has-post-thumbnail","hentry","type_exposition-temporaire-en"],"acf":[],"yoast_head":"<!-- This site is optimized with the Yoast SEO plugin v23.5 - https:\/\/yoast.com\/wordpress\/plugins\/seo\/ -->\n<title>Vibrations sur fibres 21: R\u00e9trospective Paulette-Marie Sauv\u00e9 - MUMAQ<\/title>\n<meta name=\"robots\" content=\"index, follow, max-snippet:-1, max-image-preview:large, max-video-preview:-1\" \/>\n<link rel=\"canonical\" href=\"https:\/\/www.mumaq.com\/en\/expositions\/paulette-marie-sauve-1972-2020-textile-arts-retrospective\/\" \/>\n<meta property=\"og:locale\" content=\"en_US\" \/>\n<meta property=\"og:type\" content=\"article\" \/>\n<meta property=\"og:title\" content=\"Vibrations sur fibres 21: R\u00e9trospective Paulette-Marie Sauv\u00e9 - MUMAQ\" \/>\n<meta property=\"og:description\" content=\"VISIT THE VIRTUAL TOUR Retrospective on the career of the multidisciplinary artist working mainly in painting and tapestry. Recipient of several prestigious awards, her work in weaving, colouring, and dyeing is represented in several collections across the country. Curator: Fran\u00e7oise Cloutier\" \/>\n<meta property=\"og:url\" content=\"https:\/\/www.mumaq.com\/en\/expositions\/paulette-marie-sauve-1972-2020-textile-arts-retrospective\/\" \/>\n<meta property=\"og:site_name\" content=\"MUMAQ\" \/>\n<meta property=\"article:publisher\" content=\"https:\/\/www.facebook.com\/MuseeMetiersdartQuebec\" \/>\n<meta property=\"article:modified_time\" content=\"2021-05-06T14:19:09+00:00\" \/>\n<meta property=\"og:image\" content=\"https:\/\/www.mumaq.com\/wp-content\/uploads\/2020\/10\/03-Paulette-Marie-Sauv\u0082-VILLE-IRIS\u0090E-IRIDESCENT-CITY-2020-tapisserie-jacquard-le-jour-3-SKU336470-scaled.jpg\" \/>\n\t<meta property=\"og:image:width\" content=\"2560\" \/>\n\t<meta property=\"og:image:height\" content=\"1753\" \/>\n\t<meta property=\"og:image:type\" content=\"image\/jpeg\" \/>\n<meta name=\"twitter:card\" content=\"summary_large_image\" \/>\n<meta name=\"twitter:label1\" content=\"Est. reading time\" \/>\n\t<meta name=\"twitter:data1\" content=\"1 minute\" \/>\n<script type=\"application\/ld+json\" class=\"yoast-schema-graph\">{\"@context\":\"https:\/\/schema.org\",\"@graph\":[{\"@type\":\"WebPage\",\"@id\":\"https:\/\/www.mumaq.com\/en\/expositions\/paulette-marie-sauve-1972-2020-textile-arts-retrospective\/\",\"url\":\"https:\/\/www.mumaq.com\/en\/expositions\/paulette-marie-sauve-1972-2020-textile-arts-retrospective\/\",\"name\":\"Vibrations sur fibres 21: R\u00e9trospective Paulette-Marie Sauv\u00e9 - MUMAQ\",\"isPartOf\":{\"@id\":\"https:\/\/www.mumaq.com\/en\/#website\"},\"primaryImageOfPage\":{\"@id\":\"https:\/\/www.mumaq.com\/en\/expositions\/paulette-marie-sauve-1972-2020-textile-arts-retrospective\/#primaryimage\"},\"image\":{\"@id\":\"https:\/\/www.mumaq.com\/en\/expositions\/paulette-marie-sauve-1972-2020-textile-arts-retrospective\/#primaryimage\"},\"thumbnailUrl\":\"https:\/\/www.mumaq.com\/wp-content\/uploads\/2020\/10\/03-Paulette-Marie-Sauv\u0082-VILLE-IRIS\u0090E-IRIDESCENT-CITY-2020-tapisserie-jacquard-le-jour-3-SKU336470-scaled.jpg\",\"datePublished\":\"2020-10-28T18:48:34+00:00\",\"dateModified\":\"2021-05-06T14:19:09+00:00\",\"breadcrumb\":{\"@id\":\"https:\/\/www.mumaq.com\/en\/expositions\/paulette-marie-sauve-1972-2020-textile-arts-retrospective\/#breadcrumb\"},\"inLanguage\":\"en-US\",\"potentialAction\":[{\"@type\":\"ReadAction\",\"target\":[\"https:\/\/www.mumaq.com\/en\/expositions\/paulette-marie-sauve-1972-2020-textile-arts-retrospective\/\"]}]},{\"@type\":\"ImageObject\",\"inLanguage\":\"en-US\",\"@id\":\"https:\/\/www.mumaq.com\/en\/expositions\/paulette-marie-sauve-1972-2020-textile-arts-retrospective\/#primaryimage\",\"url\":\"https:\/\/www.mumaq.com\/wp-content\/uploads\/2020\/10\/03-Paulette-Marie-Sauv\u0082-VILLE-IRIS\u0090E-IRIDESCENT-CITY-2020-tapisserie-jacquard-le-jour-3-SKU336470-scaled.jpg\",\"contentUrl\":\"https:\/\/www.mumaq.com\/wp-content\/uploads\/2020\/10\/03-Paulette-Marie-Sauv\u0082-VILLE-IRIS\u0090E-IRIDESCENT-CITY-2020-tapisserie-jacquard-le-jour-3-SKU336470-scaled.jpg\",\"width\":2560,\"height\":1753,\"caption\":\"VILLE IRIS\u00c9E-IRIDESCENT CITY, 2020 tapisserie encadr\u00e9e 74 x 102 cm., coton, bambou, fibres optiques, connection \u00e9lectrique,\"},{\"@type\":\"BreadcrumbList\",\"@id\":\"https:\/\/www.mumaq.com\/en\/expositions\/paulette-marie-sauve-1972-2020-textile-arts-retrospective\/#breadcrumb\",\"itemListElement\":[{\"@type\":\"ListItem\",\"position\":1,\"name\":\"Accueil\",\"item\":\"https:\/\/www.mumaq.ca\/en\/\"},{\"@type\":\"ListItem\",\"position\":2,\"name\":\"Vibrations sur fibres 21: R\u00e9trospective Paulette-Marie Sauv\u00e9\"}]},{\"@type\":\"WebSite\",\"@id\":\"https:\/\/www.mumaq.com\/en\/#website\",\"url\":\"https:\/\/www.mumaq.com\/en\/\",\"name\":\"MUMAQ\",\"description\":\"Mus\u00e9e des m\u00e9tiers d&#039;art du Qu\u00e9bec\",\"publisher\":{\"@id\":\"https:\/\/www.mumaq.com\/en\/#organization\"},\"potentialAction\":[{\"@type\":\"SearchAction\",\"target\":{\"@type\":\"EntryPoint\",\"urlTemplate\":\"https:\/\/www.mumaq.com\/en\/?s={search_term_string}\"},\"query-input\":{\"@type\":\"PropertyValueSpecification\",\"valueRequired\":true,\"valueName\":\"search_term_string\"}}],\"inLanguage\":\"en-US\"},{\"@type\":\"Organization\",\"@id\":\"https:\/\/www.mumaq.com\/en\/#organization\",\"name\":\"MUMAQ\",\"url\":\"https:\/\/www.mumaq.com\/en\/\",\"logo\":{\"@type\":\"ImageObject\",\"inLanguage\":\"en-US\",\"@id\":\"https:\/\/www.mumaq.com\/en\/#\/schema\/logo\/image\/\",\"url\":\"https:\/\/www.mumaq.com\/wp-content\/uploads\/2020\/12\/Pastille-transparente-1.png\",\"contentUrl\":\"https:\/\/www.mumaq.com\/wp-content\/uploads\/2020\/12\/Pastille-transparente-1.png\",\"width\":600,\"height\":600,\"caption\":\"MUMAQ\"},\"image\":{\"@id\":\"https:\/\/www.mumaq.com\/en\/#\/schema\/logo\/image\/\"},\"sameAs\":[\"https:\/\/www.facebook.com\/MuseeMetiersdartQuebec\",\"https:\/\/www.instagram.com\/museedesmetiersdartduquebec\/?hl=fr-ca\",\"https:\/\/www.linkedin.com\/company\/musee-des-maitres-et-artisans-du-quebec\/\",\"https:\/\/www.youtube.com\/user\/MuseeMAQ\"]}]}<\/script>\n<!-- \/ Yoast SEO plugin. -->","yoast_head_json":{"title":"Vibrations sur fibres 21: R\u00e9trospective Paulette-Marie Sauv\u00e9 - MUMAQ","robots":{"index":"index","follow":"follow","max-snippet":"max-snippet:-1","max-image-preview":"max-image-preview:large","max-video-preview":"max-video-preview:-1"},"canonical":"https:\/\/www.mumaq.com\/en\/expositions\/paulette-marie-sauve-1972-2020-textile-arts-retrospective\/","og_locale":"en_US","og_type":"article","og_title":"Vibrations sur fibres 21: R\u00e9trospective Paulette-Marie Sauv\u00e9 - MUMAQ","og_description":"VISIT THE VIRTUAL TOUR Retrospective on the career of the multidisciplinary artist working mainly in painting and tapestry. Recipient of several prestigious awards, her work in weaving, colouring, and dyeing is represented in several collections across the country. Curator: Fran\u00e7oise Cloutier","og_url":"https:\/\/www.mumaq.com\/en\/expositions\/paulette-marie-sauve-1972-2020-textile-arts-retrospective\/","og_site_name":"MUMAQ","article_publisher":"https:\/\/www.facebook.com\/MuseeMetiersdartQuebec","article_modified_time":"2021-05-06T14:19:09+00:00","og_image":[{"width":2560,"height":1753,"url":"https:\/\/www.mumaq.com\/wp-content\/uploads\/2020\/10\/03-Paulette-Marie-Sauv\u0082-VILLE-IRIS\u0090E-IRIDESCENT-CITY-2020-tapisserie-jacquard-le-jour-3-SKU336470-scaled.jpg","type":"image\/jpeg"}],"twitter_card":"summary_large_image","twitter_misc":{"Est. reading time":"1 minute"},"schema":{"@context":"https:\/\/schema.org","@graph":[{"@type":"WebPage","@id":"https:\/\/www.mumaq.com\/en\/expositions\/paulette-marie-sauve-1972-2020-textile-arts-retrospective\/","url":"https:\/\/www.mumaq.com\/en\/expositions\/paulette-marie-sauve-1972-2020-textile-arts-retrospective\/","name":"Vibrations sur fibres 21: R\u00e9trospective Paulette-Marie Sauv\u00e9 - MUMAQ","isPartOf":{"@id":"https:\/\/www.mumaq.com\/en\/#website"},"primaryImageOfPage":{"@id":"https:\/\/www.mumaq.com\/en\/expositions\/paulette-marie-sauve-1972-2020-textile-arts-retrospective\/#primaryimage"},"image":{"@id":"https:\/\/www.mumaq.com\/en\/expositions\/paulette-marie-sauve-1972-2020-textile-arts-retrospective\/#primaryimage"},"thumbnailUrl":"https:\/\/www.mumaq.com\/wp-content\/uploads\/2020\/10\/03-Paulette-Marie-Sauv\u0082-VILLE-IRIS\u0090E-IRIDESCENT-CITY-2020-tapisserie-jacquard-le-jour-3-SKU336470-scaled.jpg","datePublished":"2020-10-28T18:48:34+00:00","dateModified":"2021-05-06T14:19:09+00:00","breadcrumb":{"@id":"https:\/\/www.mumaq.com\/en\/expositions\/paulette-marie-sauve-1972-2020-textile-arts-retrospective\/#breadcrumb"},"inLanguage":"en-US","potentialAction":[{"@type":"ReadAction","target":["https:\/\/www.mumaq.com\/en\/expositions\/paulette-marie-sauve-1972-2020-textile-arts-retrospective\/"]}]},{"@type":"ImageObject","inLanguage":"en-US","@id":"https:\/\/www.mumaq.com\/en\/expositions\/paulette-marie-sauve-1972-2020-textile-arts-retrospective\/#primaryimage","url":"https:\/\/www.mumaq.com\/wp-content\/uploads\/2020\/10\/03-Paulette-Marie-Sauv\u0082-VILLE-IRIS\u0090E-IRIDESCENT-CITY-2020-tapisserie-jacquard-le-jour-3-SKU336470-scaled.jpg","contentUrl":"https:\/\/www.mumaq.com\/wp-content\/uploads\/2020\/10\/03-Paulette-Marie-Sauv\u0082-VILLE-IRIS\u0090E-IRIDESCENT-CITY-2020-tapisserie-jacquard-le-jour-3-SKU336470-scaled.jpg","width":2560,"height":1753,"caption":"VILLE IRIS\u00c9E-IRIDESCENT CITY, 2020 tapisserie encadr\u00e9e 74 x 102 cm., coton, bambou, fibres optiques, connection \u00e9lectrique,"},{"@type":"BreadcrumbList","@id":"https:\/\/www.mumaq.com\/en\/expositions\/paulette-marie-sauve-1972-2020-textile-arts-retrospective\/#breadcrumb","itemListElement":[{"@type":"ListItem","position":1,"name":"Accueil","item":"https:\/\/www.mumaq.ca\/en\/"},{"@type":"ListItem","position":2,"name":"Vibrations sur fibres 21: R\u00e9trospective Paulette-Marie Sauv\u00e9"}]},{"@type":"WebSite","@id":"https:\/\/www.mumaq.com\/en\/#website","url":"https:\/\/www.mumaq.com\/en\/","name":"MUMAQ","description":"Mus\u00e9e des m\u00e9tiers d&#039;art du Qu\u00e9bec","publisher":{"@id":"https:\/\/www.mumaq.com\/en\/#organization"},"potentialAction":[{"@type":"SearchAction","target":{"@type":"EntryPoint","urlTemplate":"https:\/\/www.mumaq.com\/en\/?s={search_term_string}"},"query-input":{"@type":"PropertyValueSpecification","valueRequired":true,"valueName":"search_term_string"}}],"inLanguage":"en-US"},{"@type":"Organization","@id":"https:\/\/www.mumaq.com\/en\/#organization","name":"MUMAQ","url":"https:\/\/www.mumaq.com\/en\/","logo":{"@type":"ImageObject","inLanguage":"en-US","@id":"https:\/\/www.mumaq.com\/en\/#\/schema\/logo\/image\/","url":"https:\/\/www.mumaq.com\/wp-content\/uploads\/2020\/12\/Pastille-transparente-1.png","contentUrl":"https:\/\/www.mumaq.com\/wp-content\/uploads\/2020\/12\/Pastille-transparente-1.png","width":600,"height":600,"caption":"MUMAQ"},"image":{"@id":"https:\/\/www.mumaq.com\/en\/#\/schema\/logo\/image\/"},"sameAs":["https:\/\/www.facebook.com\/MuseeMetiersdartQuebec","https:\/\/www.instagram.com\/museedesmetiersdartduquebec\/?hl=fr-ca","https:\/\/www.linkedin.com\/company\/musee-des-maitres-et-artisans-du-quebec\/","https:\/\/www.youtube.com\/user\/MuseeMAQ"]}]}},"_links":{"self":[{"href":"https:\/\/www.mumaq.com\/en\/wp-json\/wp\/v2\/expositions\/1668"}],"collection":[{"href":"https:\/\/www.mumaq.com\/en\/wp-json\/wp\/v2\/expositions"}],"about":[{"href":"https:\/\/www.mumaq.com\/en\/wp-json\/wp\/v2\/types\/expositions"}],"wp:featuredmedia":[{"embeddable":true,"href":"https:\/\/www.mumaq.com\/en\/wp-json\/wp\/v2\/media\/1817"}],"wp:attachment":[{"href":"https:\/\/www.mumaq.com\/en\/wp-json\/wp\/v2\/media?parent=1668"}],"wp:term":[{"taxonomy":"type_exposition","embeddable":true,"href":"https:\/\/www.mumaq.com\/en\/wp-json\/wp\/v2\/type_exposition?post=1668"}],"curies":[{"name":"wp","href":"https:\/\/api.w.org\/{rel}","templated":true}]}}